{"id":2184,"date":"2023-04-05T14:42:51","date_gmt":"2023-04-05T14:42:51","guid":{"rendered":"https:\/\/www.statekjirice.cz\/?post_type=mec-events&#038;p=2184"},"modified":"2023-04-05T14:42:51","modified_gmt":"2023-04-05T14:42:51","slug":"storytelling-aneb-najdi-v-sobe-vypravece","status":"publish","type":"mec-events","link":"https:\/\/www.statekjirice.cz\/index.php\/events\/storytelling-aneb-najdi-v-sobe-vypravece\/","title":{"rendered":"Storytelling aneb najdi v sob\u011b vyprav\u011b\u010de"},"content":{"rendered":"<p>Srde\u010dn\u011b zveme&nbsp; v\u0161echny z\u00e1jemce na semin\u00e1\u0159 s Mark\u00e9tou Holou Storytelling aneb najdi v sob\u011b vyprav\u011b\u010de.<\/p>\n<p><span>Vypr\u00e1v\u011bt m\u016f\u017ee ka\u017ed\u00fd. Ale teprve kdy\u017e objev\u00edme svou vyprav\u011b\u010dskou osobnost, stane se z vypr\u00e1v\u011bn\u00ed radost. A kdy\u017e si osvoj\u00edme techniku, stane se z radosti v\u00e1\u0161e\u0148. Storytelling je n\u00e1vrat a&nbsp;<\/span><span>znovuobjevov\u00e1n\u00ed hluboce zako\u0159en\u011bn\u00e9 tradice \u017eiv\u00e9ho vypr\u00e1v\u011bn\u00ed. Spole\u010dn\u011b prozkoum\u00e1me, jak roz\u017e\u00edvat tradi\u010dn\u00ed p\u0159\u00edb\u011bhy a jak vytv\u00e1\u0159et co nejsugestivn\u011bj\u0161\u00ed obrazy, za vyu\u017eit\u00ed sv\u00e9ho hlasu, gest, mimiky a hlavn\u011b fantazie.<\/span><\/p>\n<div>Term\u00edn: sobota 22. a ned\u011ble 23.4.2023<\/div>\n<div>M\u00edsto kon\u00e1n\u00ed: statek Ji\u0159ice, Ji\u0159ice 18, okr. Nymburk<\/div>\n<div>Cena kurzovn\u00e9: 800,-\/osobu<\/div>\n<div>Ob\u011bd a nocleh je mo\u017en\u00e9 zajistit.&nbsp;Cel\u00fd kurz bude m\u00edt cca 12 hodin.<\/div>\n<div><\/div>\n<div>Vzhledem k omezen\u00e9 kapacit\u011b zas\u00edlejte p\u0159ihl\u00e1\u0161ky na e-mail:<span>&nbsp;<\/span><a href=\"mailto:ladonka@statekjirice.cz\" target=\"_blank\" rel=\"noopener noreferrer\">ladonka@statekjirice.cz<\/a>, a to nejpozd\u011bji do 18.4.2023.&nbsp;Podrobn\u00fd program v\u00edkendu V\u00e1m bude zasl\u00e1n na vy\u017e\u00e1d\u00e1n\u00ed.<\/div>\n<div>Podrobn\u011bj\u0161\u00ed informace: 724816521<\/div>\n<div><\/div>\n<div>Mark\u00e9ta Hol\u00e1<\/div>\n<div><span>Vystudovala Teorii a d\u011bjiny divadla a Logopedii. P\u0159i studiu se zam\u011b\u0159ovala na hlasovou v\u00fdchovu. Dlouho pracovala s d\u011btmi na z\u00e1kladn\u00ed a pozd\u011bji z\u00e1kladn\u00ed um\u011bleck\u00e9 \u0161kole. V t\u00e9 dob\u011b se se storytellingem sezn\u00e1mila a za\u010dala s p\u0159\u00edb\u011bhem pracovat ve sv\u00e9 praxi. A ejhle, ono to fungovalo. Zjistila, jak mocn\u00fd n\u00e1stroj m\u016f\u017ee p\u0159\u00edb\u011bh b\u00fdt a za\u010dala sama vypr\u00e1v\u011bt. Tohle se stalo p\u0159ed deseti lety. Od t\u00e9 doby absolvovala kurzy storytellingu se zahrani\u010dn\u00edmi lektory a v sou\u010dasn\u00e9 dob\u011b vede spolek Storytelling CZ, vypr\u00e1v\u00ed ve \u0161kol\u00e1ch, knihovn\u00e1ch, na festivalech, v plen\u00e9ru a v\u0161ude, kde je p\u0159\u00edb\u011bhu chtiv\u00e9 publikum. Vede workshopy i dlouhodob\u00e9 kurzy pro d\u011bti i dosp\u011bl\u00e9. Pro pedagogy, knihovn\u00edky, improviz\u00e1tory i \u0161irokou ve\u0159ejnost<\/span><\/div>\n<div><\/div>\n","protected":false},"excerpt":{"rendered":"<p>Srde\u010dn\u011b zveme&nbsp; v\u0161echny z\u00e1jemce na semin\u00e1\u0159 s Mark\u00e9tou Holou Storytelling aneb najdi v sob\u011b vyprav\u011b\u010de. Vypr\u00e1v\u011bt m\u016f\u017ee ka\u017ed\u00fd. Ale teprve kdy\u017e objev\u00edme svou vyprav\u011b\u010dskou osobnost, stane se z vypr\u00e1v\u011bn\u00ed radost. A kdy\u017e si osvoj\u00edme techniku, stane se z radosti v\u00e1\u0161e\u0148. Storytelling je n\u00e1vrat a&nbsp;znovuobjevov\u00e1n\u00ed hluboce zako\u0159en\u011bn\u00e9 tradice \u017eiv\u00e9ho vypr\u00e1v\u011bn\u00ed. Spole\u010dn\u011b [&hellip;]<\/p>\n","protected":false},"author":1,"featured_media":2185,"comment_status":"closed","ping_status":"closed","template":"","meta":{"ngg_post_thumbnail":0},"tags":[],"mec_category":[],"class_list":["post-2184","mec-events","type-mec-events","status-publish","has-post-thumbnail","hentry"],"_links":{"self":[{"href":"https:\/\/www.statekjirice.cz\/index.php\/wp-json\/wp\/v2\/mec-events\/2184","targetHints":{"allow":["GET"]}}],"collection":[{"href":"https:\/\/www.statekjirice.cz\/index.php\/wp-json\/wp\/v2\/mec-events"}],"about":[{"href":"https:\/\/www.statekjirice.cz\/index.php\/wp-json\/wp\/v2\/types\/mec-events"}],"author":[{"embeddable":true,"href":"https:\/\/www.statekjirice.cz\/index.php\/wp-json\/wp\/v2\/users\/1"}],"replies":[{"embeddable":true,"href":"https:\/\/www.statekjirice.cz\/index.php\/wp-json\/wp\/v2\/comments?post=2184"}],"wp:featuredmedia":[{"embeddable":true,"href":"https:\/\/www.statekjirice.cz\/index.php\/wp-json\/wp\/v2\/media\/2185"}],"wp:attachment":[{"href":"https:\/\/www.statekjirice.cz\/index.php\/wp-json\/wp\/v2\/media?parent=2184"}],"wp:term":[{"taxonomy":"post_tag","embeddable":true,"href":"https:\/\/www.statekjirice.cz\/index.php\/wp-json\/wp\/v2\/tags?post=2184"},{"taxonomy":"mec_category","embeddable":true,"href":"https:\/\/www.statekjirice.cz\/index.php\/wp-json\/wp\/v2\/mec_category?post=2184"}],"curies":[{"name":"wp","href":"https:\/\/api.w.org\/{rel}","templated":true}]}}