{"id":2312,"date":"2024-04-09T20:06:54","date_gmt":"2024-04-09T20:06:54","guid":{"rendered":"https:\/\/www.statekjirice.cz\/?post_type=mec-events&#038;p=2312"},"modified":"2024-04-18T18:49:15","modified_gmt":"2024-04-18T18:49:15","slug":"seminar-recka-gymnastika","status":"publish","type":"mec-events","link":"https:\/\/www.statekjirice.cz\/index.php\/events\/seminar-recka-gymnastika\/","title":{"rendered":"Semin\u00e1\u0159 \u0158eck\u00e1 gymnastika"},"content":{"rendered":"<p><span>Franti\u0161ek Sahula: \u0158eck\u00e1 gymnastika a vypr\u00e1v\u011bn\u00ed \u0159eck\u00fdch m\u00fdt\u016f oti\u0161t\u011bn\u00fdch v hv\u011bzdn\u00e9m nebi aneb d\u016fle\u017eitost smyslupln\u00e9ho pohybu pro d\u011bti kolem 10. roku d\u00edt\u011bte.<\/span><\/p>\n<p>Pro koho je semin\u00e1\u0159 ur\u010den? &#8211; nejen pro pedagogy, vychovatele, ale i rodi\u010de a v\u0161echny, kte\u0159\u00ed maj\u00ed r\u00e1di kr\u00e1sn\u00fd pohyb.<\/p>\n<div>Term\u00edn: Sobota 4.5.2024 od 8.30 &#8211; 16.30 hodin<\/div>\n<div>M\u00edsto:&nbsp; Statek Ji\u0159ice \u010d.p. 18 (zahrada a vnit\u0159n\u00ed prostory DS Ji\u0159i\u010dka)<\/div>\n<div><\/div>\n<div><b><u>Program:<\/u><\/b><\/div>\n<div>8.30 &#8211; 11.30&nbsp; zah\u00e1jen\u00ed \u0159eckou gymnastikou na zahrad\u011b<\/div>\n<div>cca 12.00 ob\u011bd<\/div>\n<div>13.30 &#8211; 15.30 \u0158eck\u00e9 m\u00fdty<span>&nbsp;<\/span><span>spojen\u00e9 s hv\u011bzdn\u00fdm nebem&nbsp;<\/span>a jejich v\u00fdznam pro du\u0161i d\u00edt\u011bte<span>.<\/span><\/div>\n<div>16.00 &#8211;&nbsp; dotazy, zp\u011btn\u00fd pohled \u00fa\u010dastn\u00edk\u016f a rozlou\u010den\u00ed se<\/div>\n<div><\/div>\n<div>\n<div>\n<div dir=\"auto\">\u0158eck\u00e1 gymnastika je n\u00e1pomocn\u00e9 cvi\u010den\u00ed pro rozvoj \u0159e\u010di, gest, pohybu. Nejde o v\u00fdkony, ale o v\u011bdom<span>\u00fd<\/span><span>&nbsp;<\/span>pohyb, kter\u00fd n\u00e1m umo\u017en\u00ed&nbsp;<span>hledat<\/span><span>&nbsp;<\/span>rovnov\u00e1h<span>u<\/span><span>&nbsp;<\/span>mezi<span>&nbsp;<\/span><span>pro\u017e\u00edv\u00e1n\u00edm skute\u010dnosti spojen\u00e9 se&nbsp;<\/span>zem\u00ed a<span>&nbsp;silami proud\u00edc\u00edmi z kosmu.<\/span>&nbsp;<\/div>\n<div dir=\"auto\">Obsahuje p\u011bt cvi\u010den\u00ed<span>:<\/span>&nbsp;<span>b<\/span>\u011bh, skok, z\u00e1pas, disk, o\u0161t\u011bp. Na waldorfsk\u00fdch \u0161kol\u00e1ch je sou\u010d\u00e1st\u00ed v\u00fdukov\u00e9ho programu \u017e\u00e1k\u016f&nbsp; 5.t\u0159\u00eddy.<\/div>\n<div dir=\"auto\"><\/div>\n<\/div>\n<div>Lektor: Franti\u0161ek Sahula<\/div>\n<div>\n<div dir=\"auto\">Na Akademii soci\u00e1ln\u00edho um\u011bn\u00ed Tabor vystudoval obor Slovo, \u0159e\u010d a divadlo pod veden\u00edm Nory Vockerodt. Byl \u017e\u00e1kem \u0161koly astrosofie Tycha Brahe veden\u00e9 Michelem Josephem.&nbsp;<\/div>\n<div dir=\"auto\">V\u011bnuje se pr\u00e1ci s \u0159e\u010d\u00ed, \u0159eck\u00e9 gymnastice, astrosofii a biografii.<\/div>\n<\/div>\n<div><\/div>\n<div>Ob\u011bd zaji\u0161t\u011bn.<\/div>\n<div>Cena: 800,- K\u010d\/osobu<\/div>\n<div>Pohodln\u00e9 oble\u010den\u00ed a obuv s sebou.<\/div>\n<div>\n<p class=\"cvGsUA direction-ltr align-start para-style-body\"><span class=\"OYPEnA text-decoration-none text-strikethrough-none\">Vzhledem k omezen\u00e9 kapacit\u011b zas\u00edlejte&nbsp;<\/span><span class=\"OYPEnA text-decoration-none text-strikethrough-none\">p\u0159ihl\u00e1\u0161ky do 30.4.2023 na e-mail: <\/span><a href=\"mailto:ladonka@statekjirice.cz\" target=\"_blank\" draggable=\"false\" rel=\"noopener noreferrer\" class=\"OYPEnA text-decoration-none text-strikethrough-none\">ladonka@statekjirice.cz<\/a><\/p>\n<\/div>\n<div><\/div>\n<div>Motto: &#8220; Ve\u0161ker\u00e1 v\u00fdchova je pouze usilov\u00e1n\u00ed o sebev\u00fdchovu&#8220; Eduard Spranger (n\u011bmeck\u00fd pedagog a filosof)<\/div>\n<\/div>\n","protected":false},"excerpt":{"rendered":"<p>Franti\u0161ek Sahula: \u0158eck\u00e1 gymnastika a vypr\u00e1v\u011bn\u00ed \u0159eck\u00fdch m\u00fdt\u016f oti\u0161t\u011bn\u00fdch v hv\u011bzdn\u00e9m nebi aneb d\u016fle\u017eitost smyslupln\u00e9ho pohybu pro d\u011bti kolem 10. roku d\u00edt\u011bte. Pro koho je semin\u00e1\u0159 ur\u010den? &#8211; nejen pro pedagogy, vychovatele, ale i rodi\u010de a v\u0161echny, kte\u0159\u00ed maj\u00ed r\u00e1di kr\u00e1sn\u00fd pohyb. Term\u00edn: Sobota 4.5.2024 od 8.30 &#8211; 16.30 hodin [&hellip;]<\/p>\n","protected":false},"author":1,"featured_media":2317,"comment_status":"closed","ping_status":"closed","template":"","meta":{"ngg_post_thumbnail":0},"tags":[],"mec_category":[],"class_list":["post-2312","mec-events","type-mec-events","status-publish","has-post-thumbnail","hentry"],"_links":{"self":[{"href":"https:\/\/www.statekjirice.cz\/index.php\/wp-json\/wp\/v2\/mec-events\/2312","targetHints":{"allow":["GET"]}}],"collection":[{"href":"https:\/\/www.statekjirice.cz\/index.php\/wp-json\/wp\/v2\/mec-events"}],"about":[{"href":"https:\/\/www.statekjirice.cz\/index.php\/wp-json\/wp\/v2\/types\/mec-events"}],"author":[{"embeddable":true,"href":"https:\/\/www.statekjirice.cz\/index.php\/wp-json\/wp\/v2\/users\/1"}],"replies":[{"embeddable":true,"href":"https:\/\/www.statekjirice.cz\/index.php\/wp-json\/wp\/v2\/comments?post=2312"}],"wp:featuredmedia":[{"embeddable":true,"href":"https:\/\/www.statekjirice.cz\/index.php\/wp-json\/wp\/v2\/media\/2317"}],"wp:attachment":[{"href":"https:\/\/www.statekjirice.cz\/index.php\/wp-json\/wp\/v2\/media?parent=2312"}],"wp:term":[{"taxonomy":"post_tag","embeddable":true,"href":"https:\/\/www.statekjirice.cz\/index.php\/wp-json\/wp\/v2\/tags?post=2312"},{"taxonomy":"mec_category","embeddable":true,"href":"https:\/\/www.statekjirice.cz\/index.php\/wp-json\/wp\/v2\/mec_category?post=2312"}],"curies":[{"name":"wp","href":"https:\/\/api.w.org\/{rel}","templated":true}]}}